{"id":244346,"date":"2025-10-28T09:58:23","date_gmt":"2025-10-28T08:58:23","guid":{"rendered":"https:\/\/ehkolektiboa.eus\/aviso-legal\/"},"modified":"2025-11-17T16:51:32","modified_gmt":"2025-11-17T15:51:32","slug":"aviso-legal","status":"publish","type":"page","link":"https:\/\/ehkolektiboa.eus\/es\/aviso-legal\/","title":{"rendered":"Aviso legal"},"content":{"rendered":"<p>[et_pb_section fb_built=\u00bb1&#8243; admin_label=\u00bbHero Section 7&#8243; _builder_version=\u00bb4.16&#8243; _module_preset=\u00bbdefault\u00bb custom_padding=\u00bb100px||||false|false\u00bb global_colors_info=\u00bb{}\u00bb][et_pb_row _builder_version=\u00bb4.16&#8243; _module_preset=\u00bbdefault\u00bb global_colors_info=\u00bb{}\u00bb][et_pb_column type=\u00bb4_4&#8243; _builder_version=\u00bb4.16&#8243; _module_preset=\u00bbdefault\u00bb global_colors_info=\u00bb{}\u00bb][et_pb_text module_class=\u00bbgt-heading\u00bb _builder_version=\u00bb4.27.4&#8243; _module_preset=\u00bbdefault\u00bb global_colors_info=\u00bb{}\u00bb]<\/p>\n<h1>Aviso legal<\/h1>\n<p>[\/et_pb_text][\/et_pb_column][\/et_pb_row][\/et_pb_section][et_pb_section fb_built=\u00bb1&#8243; admin_label=\u00bbContent Section 18&#8243; _builder_version=\u00bb4.16&#8243; _module_preset=\u00bbdefault\u00bb global_colors_info=\u00bb{}\u00bb][et_pb_row _builder_version=\u00bb4.16&#8243; _module_preset=\u00bbdefault\u00bb global_colors_info=\u00bb{}\u00bb][et_pb_column type=\u00bb4_4&#8243; _builder_version=\u00bb4.16&#8243; _module_preset=\u00bbdefault\u00bb global_colors_info=\u00bb{}\u00bb][et_pb_text module_class=\u00bbgt-heading\u00bb _builder_version=\u00bb4.27.4&#8243; _module_preset=\u00bbdefault\u00bb global_colors_info=\u00bb{}\u00bb]<\/p>\n<h3>Objeto<\/h3>\n<p>[\/et_pb_text][et_pb_text _builder_version=\u00bb4.27.4&#8243; _module_preset=\u00bbdefault\u00bb global_colors_info=\u00bb{}\u00bb]<\/p>\n<p>El acceso al sitio web implica sin reservas la aceptaci\u00f3n de las presentes condiciones generales de uso que el usuario afirma comprender en su totalidad. El usuario se compromete a no utilizar el sitio web y los servicios que se ofrecen en el mismo para la realizaci\u00f3n de actividades contrarias a la ley y a respetar en todo momento las presentes condiciones generales. Ehkolektiboa Elkartea podr\u00e1 interrumpir en cualquier momento el acceso a su sitio web si detecta un uso contrario a la legalidad, la buena fe o las presentes condiciones generales.  <\/p>\n<p>Ehkolektiboa Elkartea, responsable del sitio web, pone a disposici\u00f3n de los usuarios el presente documento con el que pretende dar cumplimiento a las obligaciones dispuestas en la Ley 34\/2002, de Servicios de la Sociedad de la Informaci\u00f3n y del Comercio Electr\u00f3nico, as\u00ed como informar a todos los usuarios respecto a cu\u00e1les son las condiciones de uso del sitio web.<\/p>\n<p>Ehkolektiboa Elkartea se reserva el derecho a modificar cualquier tipo de informaci\u00f3n que pudiera aparecer en el sitio web, sin que exista obligaci\u00f3n de preavisar, entendi\u00e9ndose como suficiente con la publicaci\u00f3n en el sitio web.<\/p>\n<p>[\/et_pb_text][\/et_pb_column][\/et_pb_row][et_pb_row _builder_version=\u00bb4.16&#8243; _module_preset=\u00bbdefault\u00bb global_colors_info=\u00bb{}\u00bb][et_pb_column type=\u00bb4_4&#8243; _builder_version=\u00bb4.16&#8243; _module_preset=\u00bbdefault\u00bb global_colors_info=\u00bb{}\u00bb][et_pb_text module_class=\u00bbgt-heading\u00bb _builder_version=\u00bb4.27.4&#8243; _module_preset=\u00bbdefault\u00bb global_colors_info=\u00bb{}\u00bb]<\/p>\n<h3>Sobre Ehkolektiboa Elkartea<\/h3>\n<p>[\/et_pb_text][et_pb_text _builder_version=\u00bb4.27.4&#8243; _module_preset=\u00bbdefault\u00bb global_colors_info=\u00bb{}\u00bb]<\/p>\n<p>Ehkolektiboa Elkartea ofrece a los usuarios del sitio web sus datos identificativos a fin de mejorar la confianza del usuario y de las relaciones con \u00e9ste.<\/p>\n<p>Raz\u00f3n social: Ehkolektiboa Elkartea\u2028<br \/>Direcci\u00f3n: Urteaga kalea 21 \u2013 20570 Bergara (Gipuzkoa)\u2028<br \/>NIF: G75168195\u2028<br \/>Tel\u00e9fono: +34 688 867 020\u2028<br \/>Direcci\u00f3n de correo electr\u00f3nico: info@ehkolektiboa.eus\u2028<br \/>Nombre del dominio: ehkolektiboa.eus\u2028<br \/>Inscrita en el Registro General de Asociaciones del Pa\u00eds Vasco el 22 de noviembre de 2016 con el n\u00famero de registro AS\/G\/20820\/2017.<\/p>\n<p>[\/et_pb_text][\/et_pb_column][\/et_pb_row][et_pb_row _builder_version=\u00bb4.16&#8243; _module_preset=\u00bbdefault\u00bb global_colors_info=\u00bb{}\u00bb][et_pb_column type=\u00bb4_4&#8243; _builder_version=\u00bb4.16&#8243; _module_preset=\u00bbdefault\u00bb global_colors_info=\u00bb{}\u00bb][et_pb_text module_class=\u00bbgt-heading\u00bb _builder_version=\u00bb4.27.4&#8243; _module_preset=\u00bbdefault\u00bb global_colors_info=\u00bb{}\u00bb]<\/p>\n<h3>Cookies<\/h3>\n<p>[\/et_pb_text][et_pb_text _builder_version=\u00bb4.27.4&#8243; _module_preset=\u00bbdefault\u00bb global_colors_info=\u00bb{}\u00bb]<\/p>\n<p>Informamos igualmente que para mejorar su experiencia de navegaci\u00f3n, gestionar el contenido de su cesta, ofrecerle nuestros consejos personalizados, e informarle online de nuestras ofertas para clientes o socios, nuestra p\u00e1gina web utiliza dispositivos de implantaci\u00f3n de cookies y almacenamiento de IP.<\/p>\n<p>La cookie es un fichero que depositamos en su equipo, y cuyo \u00fanico objetivo es simplificar su navegaci\u00f3n en www.ehkolektiboa.eus (esta cookie no puede contener virus ni ser ejecutada, porque no es un fichero activo). La cookie s\u00f3lo puede ser le\u00edda por www.ehkolektiboa.eus y por usted, y puede borrarla si lo desea, accediendo a la opciones de su navegador. <\/p>\n<p>[\/et_pb_text][\/et_pb_column][\/et_pb_row][et_pb_row _builder_version=\u00bb4.16&#8243; _module_preset=\u00bbdefault\u00bb global_colors_info=\u00bb{}\u00bb][et_pb_column type=\u00bb4_4&#8243; _builder_version=\u00bb4.16&#8243; _module_preset=\u00bbdefault\u00bb global_colors_info=\u00bb{}\u00bb][et_pb_text module_class=\u00bbgt-heading\u00bb _builder_version=\u00bb4.27.4&#8243; _module_preset=\u00bbdefault\u00bb global_colors_info=\u00bb{}\u00bb]<\/p>\n<h3>Protecci\u00f3n de datos personales<\/h3>\n<p>[\/et_pb_text][et_pb_text _builder_version=\u00bb4.27.4&#8243; _module_preset=\u00bbdefault\u00bb global_colors_info=\u00bb{}\u00bb]<\/p>\n<p>Los usuarios aceptan expresamente y de forma libre e inequ\u00edvoca que sus datos personales sean tratados por parte Ehkolektiboa Elkartea para la realizaci\u00f3n de comunicaciones y para la confecci\u00f3n de estad\u00edsticas. Ehkolektiboa Elkartea garantiza expresamente a los usuarios que sus datos personales no ser\u00e1n cedidos en ning\u00fan caso a terceros sin su consentimiento. <\/p>\n<p>Cualquier persona tiene derecho a solicitar el acceso, rectificaci\u00f3n, supresi\u00f3n, limitaci\u00f3n del tratamiento, oposici\u00f3n o derecho a la portabilidad de sus datos personales, escribi\u00e9ndonos a nuestra direcci\u00f3n (Urteaga kalea 21 \u2013 20570 Bergara, Gipuzkoa), o enviando un correo electr\u00f3nico a info@ehkolektiboa.eus, indicando el derecho que desea ejercer. Puede obtener informaci\u00f3n adicional en el apartado Datos Personales de nuestra p\u00e1gina web.  <\/p>\n<p>Los servidores del sitio web podr\u00e1n detectar de manera autom\u00e1tica la direcci\u00f3n IP y el nombre de dominio utilizados por el usuario, los cuales ser\u00e1n tratados siguiendo la normativa vigente.<br \/>Ehkolektiboa Elkartea ha adoptado todas las medidas t\u00e9cnicas y organizativas necesarias para garantizar la seguridad e integridad de los datos de car\u00e1cter personal que trate, as\u00ed como para evitar su p\u00e9rdida, alteraci\u00f3n y\/o acceso por parte de terceros no autorizados.<\/p>\n<p>[\/et_pb_text][\/et_pb_column][\/et_pb_row][et_pb_row _builder_version=\u00bb4.16&#8243; _module_preset=\u00bbdefault\u00bb global_colors_info=\u00bb{}\u00bb][et_pb_column type=\u00bb4_4&#8243; _builder_version=\u00bb4.16&#8243; _module_preset=\u00bbdefault\u00bb global_colors_info=\u00bb{}\u00bb][et_pb_text module_class=\u00bbgt-heading\u00bb _builder_version=\u00bb4.27.4&#8243; _module_preset=\u00bbdefault\u00bb global_colors_info=\u00bb{}\u00bb]<\/p>\n<h3>Responsabilidad<\/h3>\n<p>[\/et_pb_text][et_pb_text _builder_version=\u00bb4.27.4&#8243; _module_preset=\u00bbdefault\u00bb hover_enabled=\u00bb0&#8243; global_colors_info=\u00bb{}\u00bb sticky_enabled=\u00bb0&#8243;]<\/p>\n<p>Ehkolektiboa Elkartea se exime de cualquier tipo de responsabilidad derivada de la informaci\u00f3n publicada en su sitio web, siempre que esta informaci\u00f3n haya sido manipulada o introducida por un tercero ajeno al mismo \u2013por ejemplo en foros, chats, blogs, etc.\u2013. No obstante y en cumplimiento de lo dispuesto en la Ley 34\/2002, de Servicios de la Sociedad de la Informaci\u00f3n y del Comercio Electr\u00f3nico, Ehkolektiboa Elkartea se pone a disposici\u00f3n de todos los usuarios, autoridades y fuerzas de seguridad, para retirar o en su caso bloquear todos aquellos contenidos que pudieran afectar o contravenir la legislaci\u00f3n e ir en contra de la moral y el orden p\u00fablico. En caso de que el usuario considere que existe en el sitio web alg\u00fan contenido de este tipo, se ruega lo notifique de forma inmediata a Ehkolektiboa Elkartea.  <\/p>\n<p>Este sitio web ha sido revisado y probado para que funcione correctamente 365 d\u00edas del a\u00f1o, 24 horas al d\u00eda. No obstante, no se descarta la posibilidad de que existan ciertos errores de programaci\u00f3n, o que acontezcan causas de fuerza mayor, cat\u00e1strofes naturales, huelgas, o circunstancias semejantes que hagan imposible el acceso a la p\u00e1gina web. <\/p>\n<p>[\/et_pb_text][\/et_pb_column][\/et_pb_row][et_pb_row _builder_version=\u00bb4.16&#8243; _module_preset=\u00bbdefault\u00bb global_colors_info=\u00bb{}\u00bb][et_pb_column type=\u00bb4_4&#8243; _builder_version=\u00bb4.16&#8243; _module_preset=\u00bbdefault\u00bb global_colors_info=\u00bb{}\u00bb][et_pb_text module_class=\u00bbgt-heading\u00bb _builder_version=\u00bb4.27.4&#8243; _module_preset=\u00bbdefault\u00bb global_colors_info=\u00bb{}\u00bb]<\/p>\n<h3>Propiedad intelectual<\/h3>\n<p>[\/et_pb_text][et_pb_text _builder_version=\u00bb4.27.4&#8243; _module_preset=\u00bbdefault\u00bb global_colors_info=\u00bb{}\u00bb]<\/p>\n<p>El presente sitio web, incluyendo a t\u00edtulo enunciativo pero no limitativo su programaci\u00f3n, edici\u00f3n, compilaci\u00f3n, dise\u00f1os, logotipos, texto y\/o gr\u00e1ficos, son propiedad de Ehkolektiboa Elkartea, salvo que se indique lo contrario, encontr\u00e1ndose protegidos por la normativa sobre propiedad intelectual. El acceso por parte del usuario al sitio web no le otorga ning\u00fan derecho de propiedad sobre los mismos. <\/p>\n<p>El usuario puede visualizar, imprimir, copiar o guardar todos los elementos de la p\u00e1gina web, siempre que sea para uso personal o para la investigaci\u00f3n, y citando la fuente. Est\u00e1 prohibido utilizar los contenidos de la p\u00e1gina web con fines comerciales, venderlos o distribuirlos, sin el permiso de Ehkolektiboa Elkartea o, en su caso, de los correspondientes due\u00f1os de los derechos. Cualquier uso no autorizado previamente ser\u00e1 considerado un incumplimiento grave de los derechos de propiedad intelectual del autor.  <\/p>\n<p>Los dise\u00f1os, logotipos, texto y\/o gr\u00e1ficos ajenos al prestador y que pudieran aparecer en el sitio web, pertenecen a sus respectivos propietarios, siendo ellos mismos responsables de cualquier posible controversia que pudiera suscitarse respecto a los mismos.<\/p>\n<p>Para realizar cualquier tipo de observaci\u00f3n respecto a posibles incumplimientos de los derechos de propiedad intelectual, as\u00ed como sobre cualquiera de los contenidos del sitio web, puede hacerlo a trav\u00e9s del siguiente correo electr\u00f3nico: info@ehkolektiboa.eus.<\/p>\n<p>[\/et_pb_text][\/et_pb_column][\/et_pb_row][et_pb_row _builder_version=\u00bb4.16&#8243; _module_preset=\u00bbdefault\u00bb global_colors_info=\u00bb{}\u00bb][et_pb_column type=\u00bb4_4&#8243; _builder_version=\u00bb4.16&#8243; _module_preset=\u00bbdefault\u00bb global_colors_info=\u00bb{}\u00bb][et_pb_text module_class=\u00bbgt-heading\u00bb _builder_version=\u00bb4.27.4&#8243; _module_preset=\u00bbdefault\u00bb global_colors_info=\u00bb{}\u00bb]<\/p>\n<h3>Ley aplicable y jurisdicci\u00f3n<\/h3>\n<p>[\/et_pb_text][et_pb_text _builder_version=\u00bb4.27.4&#8243; _module_preset=\u00bbdefault\u00bb global_colors_info=\u00bb{}\u00bb]<\/p>\n<p>Para la resoluci\u00f3n de todas las cuestiones y controversias relacionadas con el presente sitio web o de las actividades en \u00e9l desarrolladas, ser\u00e1 de aplicaci\u00f3n la legislaci\u00f3n espa\u00f1ola, y, en caso necesario, las partes deber\u00e1n acudir a los Juzgados y Tribunales de San Sebasti\u00e1n.<\/p>\n<p>En caso de que cualquier cl\u00e1usula del presente documento sea declarada nula, las dem\u00e1s cl\u00e1usulas seguir\u00e1n vigentes y se interpretar\u00e1n teniendo en cuenta la voluntad de las partes y la finalidad misma del presente documento. Ehkolektiboa Elkartea podr\u00e1 no ejercitar alguno de los derechos y facultades conferidos en este documento lo que no implicar\u00e1 en ning\u00fan caso la renuncia a los mismos salvo reconocimiento expreso por parte de Ehkolektiboa Elkartea. <\/p>\n<p>[\/et_pb_text][\/et_pb_column][\/et_pb_row][\/et_pb_section]<\/p>\n","protected":false},"excerpt":{"rendered":"<p>Aviso legalObjetoEl acceso al sitio web implica sin reservas la aceptaci\u00f3n de las presentes condiciones generales de uso que el usuario afirma comprender en su totalidad. El usuario se compromete a no utilizar el sitio web y los servicios que se ofrecen en el mismo para la realizaci\u00f3n de actividades contrarias a la ley y [&hellip;]<\/p>\n","protected":false},"author":2,"featured_media":0,"parent":0,"menu_order":0,"comment_status":"closed","ping_status":"closed","template":"","meta":{"_acf_changed":false,"_et_pb_use_builder":"on","_et_pb_old_content":"","_et_gb_content_width":"","footnotes":""},"class_list":["post-244346","page","type-page","status-publish","hentry"],"acf":[],"yoast_head":"<!-- This site is optimized with the Yoast SEO plugin v26.3 - https:\/\/yoast.com\/wordpress\/plugins\/seo\/ -->\n<title>Aviso legal | EHKOLEKTIBOA<\/title>\n<meta name=\"description\" content=\"El acceso al sitio web implica sin reservas la aceptaci\u00f3n de las presentes condiciones generales de uso que el usuario afirma comprender en su totalidad.\" \/>\n<meta name=\"robots\" content=\"index, follow, max-snippet:-1, max-image-preview:large, max-video-preview:-1\" \/>\n<link rel=\"canonical\" href=\"https:\/\/ehkolektiboa.eus\/es\/aviso-legal\/\" \/>\n<meta property=\"og:locale\" content=\"es_ES\" \/>\n<meta property=\"og:type\" content=\"article\" \/>\n<meta property=\"og:title\" content=\"Aviso legal | EHKOLEKTIBOA\" \/>\n<meta property=\"og:description\" content=\"El acceso al sitio web implica sin reservas la aceptaci\u00f3n de las presentes condiciones generales de uso que el usuario afirma comprender en su totalidad.\" \/>\n<meta property=\"og:url\" content=\"https:\/\/ehkolektiboa.eus\/es\/aviso-legal\/\" \/>\n<meta property=\"og:site_name\" content=\"EHKOLEKTIBOA\" \/>\n<meta property=\"article:modified_time\" content=\"2025-11-17T15:51:32+00:00\" \/>\n<meta name=\"twitter:card\" content=\"summary_large_image\" \/>\n<meta name=\"twitter:label1\" content=\"Tiempo de lectura\" \/>\n\t<meta name=\"twitter:data1\" content=\"8 minutos\" \/>\n<script type=\"application\/ld+json\" class=\"yoast-schema-graph\">{\"@context\":\"https:\/\/schema.org\",\"@graph\":[{\"@type\":\"WebPage\",\"@id\":\"https:\/\/ehkolektiboa.eus\/es\/aviso-legal\/\",\"url\":\"https:\/\/ehkolektiboa.eus\/es\/aviso-legal\/\",\"name\":\"Aviso legal | EHKOLEKTIBOA\",\"isPartOf\":{\"@id\":\"https:\/\/ehkolektiboa.eus\/#website\"},\"datePublished\":\"2025-10-28T08:58:23+00:00\",\"dateModified\":\"2025-11-17T15:51:32+00:00\",\"description\":\"El acceso al sitio web implica sin reservas la aceptaci\u00f3n de las presentes condiciones generales de uso que el usuario afirma comprender en su totalidad.\",\"breadcrumb\":{\"@id\":\"https:\/\/ehkolektiboa.eus\/es\/aviso-legal\/#breadcrumb\"},\"inLanguage\":\"es\",\"potentialAction\":[{\"@type\":\"ReadAction\",\"target\":[\"https:\/\/ehkolektiboa.eus\/es\/aviso-legal\/\"]}]},{\"@type\":\"BreadcrumbList\",\"@id\":\"https:\/\/ehkolektiboa.eus\/es\/aviso-legal\/#breadcrumb\",\"itemListElement\":[{\"@type\":\"ListItem\",\"position\":1,\"name\":\"Home\",\"item\":\"https:\/\/ehkolektiboa.eus\/\"},{\"@type\":\"ListItem\",\"position\":2,\"name\":\"Aviso legal\"}]},{\"@type\":\"WebSite\",\"@id\":\"https:\/\/ehkolektiboa.eus\/#website\",\"url\":\"https:\/\/ehkolektiboa.eus\/\",\"name\":\"EHKOLEKTIBOA\",\"description\":\"Agroekologiaren bidean\",\"publisher\":{\"@id\":\"https:\/\/ehkolektiboa.eus\/#organization\"},\"potentialAction\":[{\"@type\":\"SearchAction\",\"target\":{\"@type\":\"EntryPoint\",\"urlTemplate\":\"https:\/\/ehkolektiboa.eus\/?s={search_term_string}\"},\"query-input\":{\"@type\":\"PropertyValueSpecification\",\"valueRequired\":true,\"valueName\":\"search_term_string\"}}],\"inLanguage\":\"es\"},{\"@type\":\"Organization\",\"@id\":\"https:\/\/ehkolektiboa.eus\/#organization\",\"name\":\"EHKOLEKTIBOA\",\"url\":\"https:\/\/ehkolektiboa.eus\/\",\"logo\":{\"@type\":\"ImageObject\",\"inLanguage\":\"es\",\"@id\":\"https:\/\/ehkolektiboa.eus\/#\/schema\/logo\/image\/\",\"url\":\"https:\/\/ehkolektiboa.eus\/wp-content\/uploads\/2025\/10\/EHKOLEKTIBOA_marka.png\",\"contentUrl\":\"https:\/\/ehkolektiboa.eus\/wp-content\/uploads\/2025\/10\/EHKOLEKTIBOA_marka.png\",\"width\":1433,\"height\":319,\"caption\":\"EHKOLEKTIBOA\"},\"image\":{\"@id\":\"https:\/\/ehkolektiboa.eus\/#\/schema\/logo\/image\/\"}}]}<\/script>\n<!-- \/ Yoast SEO plugin. -->","yoast_head_json":{"title":"Aviso legal | EHKOLEKTIBOA","description":"El acceso al sitio web implica sin reservas la aceptaci\u00f3n de las presentes condiciones generales de uso que el usuario afirma comprender en su totalidad.","robots":{"index":"index","follow":"follow","max-snippet":"max-snippet:-1","max-image-preview":"max-image-preview:large","max-video-preview":"max-video-preview:-1"},"canonical":"https:\/\/ehkolektiboa.eus\/es\/aviso-legal\/","og_locale":"es_ES","og_type":"article","og_title":"Aviso legal | EHKOLEKTIBOA","og_description":"El acceso al sitio web implica sin reservas la aceptaci\u00f3n de las presentes condiciones generales de uso que el usuario afirma comprender en su totalidad.","og_url":"https:\/\/ehkolektiboa.eus\/es\/aviso-legal\/","og_site_name":"EHKOLEKTIBOA","article_modified_time":"2025-11-17T15:51:32+00:00","twitter_card":"summary_large_image","twitter_misc":{"Tiempo de lectura":"8 minutos"},"schema":{"@context":"https:\/\/schema.org","@graph":[{"@type":"WebPage","@id":"https:\/\/ehkolektiboa.eus\/es\/aviso-legal\/","url":"https:\/\/ehkolektiboa.eus\/es\/aviso-legal\/","name":"Aviso legal | EHKOLEKTIBOA","isPartOf":{"@id":"https:\/\/ehkolektiboa.eus\/#website"},"datePublished":"2025-10-28T08:58:23+00:00","dateModified":"2025-11-17T15:51:32+00:00","description":"El acceso al sitio web implica sin reservas la aceptaci\u00f3n de las presentes condiciones generales de uso que el usuario afirma comprender en su totalidad.","breadcrumb":{"@id":"https:\/\/ehkolektiboa.eus\/es\/aviso-legal\/#breadcrumb"},"inLanguage":"es","potentialAction":[{"@type":"ReadAction","target":["https:\/\/ehkolektiboa.eus\/es\/aviso-legal\/"]}]},{"@type":"BreadcrumbList","@id":"https:\/\/ehkolektiboa.eus\/es\/aviso-legal\/#breadcrumb","itemListElement":[{"@type":"ListItem","position":1,"name":"Home","item":"https:\/\/ehkolektiboa.eus\/"},{"@type":"ListItem","position":2,"name":"Aviso legal"}]},{"@type":"WebSite","@id":"https:\/\/ehkolektiboa.eus\/#website","url":"https:\/\/ehkolektiboa.eus\/","name":"EHKOLEKTIBOA","description":"Agroekologiaren bidean","publisher":{"@id":"https:\/\/ehkolektiboa.eus\/#organization"},"potentialAction":[{"@type":"SearchAction","target":{"@type":"EntryPoint","urlTemplate":"https:\/\/ehkolektiboa.eus\/?s={search_term_string}"},"query-input":{"@type":"PropertyValueSpecification","valueRequired":true,"valueName":"search_term_string"}}],"inLanguage":"es"},{"@type":"Organization","@id":"https:\/\/ehkolektiboa.eus\/#organization","name":"EHKOLEKTIBOA","url":"https:\/\/ehkolektiboa.eus\/","logo":{"@type":"ImageObject","inLanguage":"es","@id":"https:\/\/ehkolektiboa.eus\/#\/schema\/logo\/image\/","url":"https:\/\/ehkolektiboa.eus\/wp-content\/uploads\/2025\/10\/EHKOLEKTIBOA_marka.png","contentUrl":"https:\/\/ehkolektiboa.eus\/wp-content\/uploads\/2025\/10\/EHKOLEKTIBOA_marka.png","width":1433,"height":319,"caption":"EHKOLEKTIBOA"},"image":{"@id":"https:\/\/ehkolektiboa.eus\/#\/schema\/logo\/image\/"}}]}},"_links":{"self":[{"href":"https:\/\/ehkolektiboa.eus\/es\/wp-json\/wp\/v2\/pages\/244346","targetHints":{"allow":["GET"]}}],"collection":[{"href":"https:\/\/ehkolektiboa.eus\/es\/wp-json\/wp\/v2\/pages"}],"about":[{"href":"https:\/\/ehkolektiboa.eus\/es\/wp-json\/wp\/v2\/types\/page"}],"author":[{"embeddable":true,"href":"https:\/\/ehkolektiboa.eus\/es\/wp-json\/wp\/v2\/users\/2"}],"replies":[{"embeddable":true,"href":"https:\/\/ehkolektiboa.eus\/es\/wp-json\/wp\/v2\/comments?post=244346"}],"version-history":[{"count":2,"href":"https:\/\/ehkolektiboa.eus\/es\/wp-json\/wp\/v2\/pages\/244346\/revisions"}],"predecessor-version":[{"id":244348,"href":"https:\/\/ehkolektiboa.eus\/es\/wp-json\/wp\/v2\/pages\/244346\/revisions\/244348"}],"wp:attachment":[{"href":"https:\/\/ehkolektiboa.eus\/es\/wp-json\/wp\/v2\/media?parent=244346"}],"curies":[{"name":"wp","href":"https:\/\/api.w.org\/{rel}","templated":true}]}}