{"id":244361,"date":"2025-10-28T09:58:23","date_gmt":"2025-10-28T08:58:23","guid":{"rendered":"https:\/\/ehkolektiboa.eus\/mentions-legales\/"},"modified":"2025-11-17T17:57:52","modified_gmt":"2025-11-17T16:57:52","slug":"mentions-legales","status":"publish","type":"page","link":"https:\/\/ehkolektiboa.eus\/fr\/mentions-legales\/","title":{"rendered":"Mentions l\u00e9gales"},"content":{"rendered":"<p>[et_pb_section fb_built=\u00a0\u00bb1&Prime; admin_label=\u00a0\u00bbHero Section 7&Prime; _builder_version=\u00a0\u00bb4.16&Prime; _module_preset=\u00a0\u00bbdefault\u00a0\u00bb custom_padding=\u00a0\u00bb100px||||false|false\u00a0\u00bb global_colors_info=\u00a0\u00bb{}\u00a0\u00bb][et_pb_row _builder_version=\u00a0\u00bb4.16&Prime; _module_preset=\u00a0\u00bbdefault\u00a0\u00bb global_colors_info=\u00a0\u00bb{}\u00a0\u00bb][et_pb_column type=\u00a0\u00bb4_4&Prime; _builder_version=\u00a0\u00bb4.16&Prime; _module_preset=\u00a0\u00bbdefault\u00a0\u00bb global_colors_info=\u00a0\u00bb{}\u00a0\u00bb][et_pb_text module_class=\u00a0\u00bbgt-heading\u00a0\u00bb _builder_version=\u00a0\u00bb4.27.4&Prime; _module_preset=\u00a0\u00bbdefault\u00a0\u00bb global_colors_info=\u00a0\u00bb{}\u00a0\u00bb]<\/p>\n<h1>Mentions l\u00e9gales<\/h1>\n<p>[\/et_pb_text][\/et_pb_column][\/et_pb_row][\/et_pb_section][et_pb_section fb_built=\u00a0\u00bb1&Prime; admin_label=\u00a0\u00bbContent Section 18&Prime; _builder_version=\u00a0\u00bb4.16&Prime; _module_preset=\u00a0\u00bbdefault\u00a0\u00bb global_colors_info=\u00a0\u00bb{}\u00a0\u00bb][et_pb_row _builder_version=\u00a0\u00bb4.16&Prime; _module_preset=\u00a0\u00bbdefault\u00a0\u00bb global_colors_info=\u00a0\u00bb{}\u00a0\u00bb][et_pb_column type=\u00a0\u00bb4_4&Prime; _builder_version=\u00a0\u00bb4.16&Prime; _module_preset=\u00a0\u00bbdefault\u00a0\u00bb global_colors_info=\u00a0\u00bb{}\u00a0\u00bb][et_pb_text module_class=\u00a0\u00bbgt-heading\u00a0\u00bb _builder_version=\u00a0\u00bb4.27.4&Prime; _module_preset=\u00a0\u00bbdefault\u00a0\u00bb global_colors_info=\u00a0\u00bb{}\u00a0\u00bb]<\/p>\n<h3>Helburua<\/h3>\n<p>[\/et_pb_text][et_pb_text _builder_version=\u00a0\u00bb4.27.4&Prime; _module_preset=\u00a0\u00bbdefault\u00a0\u00bb global_colors_info=\u00a0\u00bb{}\u00a0\u00bb]<\/p>\n<p>L\u2019acc\u00e8s au site implique l\u2019acceptation sans r\u00e9serve des pr\u00e9sentes conditions g\u00e9n\u00e9rales d\u2019utilisation, que l\u2019utilisateur d\u00e9clare comprendre dans leur int\u00e9gralit\u00e9.\u2028L\u2019utilisateur s\u2019engage \u00e0 ne pas utiliser le site web ni les services propos\u00e9s pour des activit\u00e9s contraires \u00e0 la loi, et \u00e0 respecter \u00e0 tout moment les pr\u00e9sentes conditions g\u00e9n\u00e9rales.<br \/>EHKOlektiboa Elkartea se r\u00e9serve le droit d\u2019interrompre \u00e0 tout moment l\u2019acc\u00e8s \u00e0 son site web s\u2019il d\u00e9tecte une utilisation contraire \u00e0 la l\u00e9gislation, \u00e0 la bonne foi ou aux pr\u00e9sentes conditions g\u00e9n\u00e9rales.  <\/p>\n<p>EHKOlektiboa Elkartea, responsable du site web, met \u00e0 disposition des utilisateurs le pr\u00e9sent document afin de se conformer aux obligations pr\u00e9vues par la Loi 34\/2002 sur les Services de la Soci\u00e9t\u00e9 de l\u2019Information et du Commerce \u00c9lectronique, ainsi que pour informer tous les utilisateurs des conditions d\u2019utilisation du site web.<\/p>\n<p>EHKOlektiboa Elkartea se r\u00e9serve \u00e9galement le droit de modifier \u00e0 tout moment toute information figurant sur le site, sans obligation de pr\u00e9avis, la simple publication sur le site \u00e9tant consid\u00e9r\u00e9e comme suffisante.<\/p>\n<p>[\/et_pb_text][\/et_pb_column][\/et_pb_row][et_pb_row _builder_version=\u00a0\u00bb4.16&Prime; _module_preset=\u00a0\u00bbdefault\u00a0\u00bb global_colors_info=\u00a0\u00bb{}\u00a0\u00bb][et_pb_column type=\u00a0\u00bb4_4&Prime; _builder_version=\u00a0\u00bb4.16&Prime; _module_preset=\u00a0\u00bbdefault\u00a0\u00bb global_colors_info=\u00a0\u00bb{}\u00a0\u00bb][et_pb_text module_class=\u00a0\u00bbgt-heading\u00a0\u00bb _builder_version=\u00a0\u00bb4.27.4&Prime; _module_preset=\u00a0\u00bbdefault\u00a0\u00bb global_colors_info=\u00a0\u00bb{}\u00a0\u00bb]<\/p>\n<h3>\u00c0 propos d\u2019EHKOlektiboa Elkartea<\/h3>\n<p>[\/et_pb_text][et_pb_text _builder_version=\u00a0\u00bb4.27.4&Prime; _module_preset=\u00a0\u00bbdefault\u00a0\u00bb global_colors_info=\u00a0\u00bb{}\u00a0\u00bb]<\/p>\n<p>EHKOlektiboa Elkartea met \u00e0 disposition des utilisateurs du site web ses donn\u00e9es d\u2019identification, afin de renforcer la confiance et la transparence dans ses relations avec eux.<\/p>\n<p>Raison sociale : EHKOlektiboa Elkartea\u2028<br \/>Adresse : Urteaga kalea 21 \u2013 20570 Bergara (Gipuzkoa)\u2028<br \/>NIF : G75168195\u2028<br \/>T\u00e9l\u00e9phone : +34 688 867 020\u2028<br \/>Adresse \u00e9lectronique : info@ehkolektiboa.eus\u2028<br \/>Nom de domaine : ehkolektiboa.eus<br \/>EHKOlektiboa Elkartea est inscrite au Registre G\u00e9n\u00e9ral des Associations du Pays Basque depuis le 22 novembre 2016, sous le num\u00e9ro d\u2019enregistrement AS\/G\/20820\/2017.<\/p>\n<p>[\/et_pb_text][\/et_pb_column][\/et_pb_row][et_pb_row _builder_version=\u00a0\u00bb4.16&Prime; _module_preset=\u00a0\u00bbdefault\u00a0\u00bb global_colors_info=\u00a0\u00bb{}\u00a0\u00bb][et_pb_column type=\u00a0\u00bb4_4&Prime; _builder_version=\u00a0\u00bb4.16&Prime; _module_preset=\u00a0\u00bbdefault\u00a0\u00bb global_colors_info=\u00a0\u00bb{}\u00a0\u00bb][et_pb_text module_class=\u00a0\u00bbgt-heading\u00a0\u00bb _builder_version=\u00a0\u00bb4.27.4&Prime; _module_preset=\u00a0\u00bbdefault\u00a0\u00bb global_colors_info=\u00a0\u00bb{}\u00a0\u00bb]<\/p>\n<h3>Cookies<\/h3>\n<p>[\/et_pb_text][et_pb_text _builder_version=\u00a0\u00bb4.27.4&Prime; _module_preset=\u00a0\u00bbdefault\u00a0\u00bb global_colors_info=\u00a0\u00bb{}\u00a0\u00bb]<\/p>\n<p>Nous informons \u00e9galement que, afin d\u2019am\u00e9liorer votre exp\u00e9rience de navigation, de g\u00e9rer le contenu de votre panier, de vous proposer des conseils personnalis\u00e9s et de vous informer en ligne de nos offres pour clients ou membres, notre site web utilise des cookies et des dispositifs de stockage d\u2019adresse IP.<\/p>\n<p>Un cookie est un fichier que nous d\u00e9posons sur votre appareil, dont le seul objectif est de simplifier votre navigation sur www.ehkolektiboa.eus. Ce cookie ne peut contenir de virus ni \u00eatre ex\u00e9cut\u00e9, car il ne s\u2019agit pas d\u2019un fichier actif.\u2028Le cookie ne peut \u00eatre lu que par www.ehkolektiboa.eus et par vous-m\u00eame, et vous pouvez le supprimer \u00e0 tout moment via les options de votre navigateur. <\/p>\n<p>[\/et_pb_text][\/et_pb_column][\/et_pb_row][et_pb_row _builder_version=\u00a0\u00bb4.16&Prime; _module_preset=\u00a0\u00bbdefault\u00a0\u00bb global_colors_info=\u00a0\u00bb{}\u00a0\u00bb][et_pb_column type=\u00a0\u00bb4_4&Prime; _builder_version=\u00a0\u00bb4.16&Prime; _module_preset=\u00a0\u00bbdefault\u00a0\u00bb global_colors_info=\u00a0\u00bb{}\u00a0\u00bb][et_pb_text module_class=\u00a0\u00bbgt-heading\u00a0\u00bb _builder_version=\u00a0\u00bb4.27.4&Prime; _module_preset=\u00a0\u00bbdefault\u00a0\u00bb global_colors_info=\u00a0\u00bb{}\u00a0\u00bb]<\/p>\n<h3>Protection des donn\u00e9es personnelles<\/h3>\n<p>[\/et_pb_text][et_pb_text _builder_version=\u00a0\u00bb4.27.4&Prime; _module_preset=\u00a0\u00bbdefault\u00a0\u00bb global_colors_info=\u00a0\u00bb{}\u00a0\u00bb]<\/p>\n<p>Les utilisateurs acceptent express\u00e9ment, librement et sans \u00e9quivoque que leurs donn\u00e9es personnelles soient trait\u00e9es par EHKOlektiboa Elkartea \u00e0 des fins de communication et d\u2019\u00e9laboration de statistiques.\u2028EHKOlektiboa Elkartea garantit express\u00e9ment que les donn\u00e9es personnelles des utilisateurs ne seront en aucun cas transmises \u00e0 des tiers sans leur consentement pr\u00e9alable. <\/p>\n<p>Toute personne dispose du droit d\u2019acc\u00e8s, de rectification, de suppression, de limitation du traitement, d\u2019opposition ou de portabilit\u00e9 de ses donn\u00e9es personnelles.\u2028Pour exercer ces droits, il suffit d\u2019\u00e9crire \u00e0 l\u2019adresse suivante :\u2028Urteaga kalea 21 \u2013 20570 Bergara (Gipuzkoa)\u2028ou d\u2019envoyer un courriel \u00e0 info@ehkolektiboa.eus, en pr\u00e9cisant le droit que l\u2019on souhaite exercer.\u2028Des informations compl\u00e9mentaires peuvent \u00eatre obtenues dans la section \u00ab Donn\u00e9es personnelles \u00bb de notre site web.  <\/p>\n<p>Les serveurs du site peuvent d\u00e9tecter automatiquement l\u2019adresse IP et le nom de domaine utilis\u00e9s par l\u2019utilisateur, lesquels seront trait\u00e9s conform\u00e9ment \u00e0 la r\u00e9glementation en vigueur. EHKOlektiboa Elkartea a adopt\u00e9 toutes les mesures techniques et organisationnelles n\u00e9cessaires pour garantir la s\u00e9curit\u00e9 et l\u2019int\u00e9grit\u00e9 des donn\u00e9es personnelles trait\u00e9es, ainsi que pour \u00e9viter leur perte, leur alt\u00e9ration ou leur acc\u00e8s non autoris\u00e9 par des tiers.<\/p>\n<p>[\/et_pb_text][\/et_pb_column][\/et_pb_row][et_pb_row _builder_version=\u00a0\u00bb4.16&Prime; _module_preset=\u00a0\u00bbdefault\u00a0\u00bb global_colors_info=\u00a0\u00bb{}\u00a0\u00bb][et_pb_column type=\u00a0\u00bb4_4&Prime; _builder_version=\u00a0\u00bb4.16&Prime; _module_preset=\u00a0\u00bbdefault\u00a0\u00bb global_colors_info=\u00a0\u00bb{}\u00a0\u00bb][et_pb_text module_class=\u00a0\u00bbgt-heading\u00a0\u00bb _builder_version=\u00a0\u00bb4.27.4&Prime; _module_preset=\u00a0\u00bbdefault\u00a0\u00bb global_colors_info=\u00a0\u00bb{}\u00a0\u00bb]<\/p>\n<h3>Responsabilit\u00e9<\/h3>\n<p>[\/et_pb_text][et_pb_text _builder_version=\u00a0\u00bb4.27.4&Prime; _module_preset=\u00a0\u00bbdefault\u00a0\u00bb hover_enabled=\u00a0\u00bb0&Prime; global_colors_info=\u00a0\u00bb{}\u00a0\u00bb sticky_enabled=\u00a0\u00bb0&Prime;]<\/p>\n<p>EHKOlektiboa Elkartea d\u00e9cline toute responsabilit\u00e9 quant aux informations publi\u00e9es sur son site web lorsqu\u2019elles ont \u00e9t\u00e9 modifi\u00e9es ou introduites par des tiers externes \u2014 par exemple dans des forums, chats, blogs, etc. Cependant, conform\u00e9ment \u00e0 la Loi 34\/2002 sur les Services de la Soci\u00e9t\u00e9 de l\u2019Information et du Commerce \u00c9lectronique, EHKOlektiboa Elkartea se tient \u00e0 la disposition des utilisateurs, autorit\u00e9s et forces de s\u00e9curit\u00e9 pour retirer ou bloquer tout contenu pouvant enfreindre la loi ou aller \u00e0 l\u2019encontre de la morale et de l\u2019ordre public.\u2028Si un utilisateur estime qu\u2019un contenu de ce type est pr\u00e9sent sur le site, il est pri\u00e9 d\u2019en informer imm\u00e9diatement EHKOlektiboa Elkartea.  <\/p>\n<p>Ce site web a \u00e9t\u00e9 test\u00e9 et v\u00e9rifi\u00e9 pour fonctionner correctement 365 jours par an, 24 heures sur 24.\u2028Toutefois, il n\u2019est pas exclu que des erreurs de programmation ou des cas de force majeure \u2014 tels que catastrophes naturelles, gr\u00e8ves ou circonstances similaires \u2014 puissent rendre l\u2019acc\u00e8s temporairement impossible. <\/p>\n<p>[\/et_pb_text][\/et_pb_column][\/et_pb_row][et_pb_row _builder_version=\u00a0\u00bb4.16&Prime; _module_preset=\u00a0\u00bbdefault\u00a0\u00bb global_colors_info=\u00a0\u00bb{}\u00a0\u00bb][et_pb_column type=\u00a0\u00bb4_4&Prime; _builder_version=\u00a0\u00bb4.16&Prime; _module_preset=\u00a0\u00bbdefault\u00a0\u00bb global_colors_info=\u00a0\u00bb{}\u00a0\u00bb][et_pb_text module_class=\u00a0\u00bbgt-heading\u00a0\u00bb _builder_version=\u00a0\u00bb4.27.4&Prime; _module_preset=\u00a0\u00bbdefault\u00a0\u00bb global_colors_info=\u00a0\u00bb{}\u00a0\u00bb]<\/p>\n<h3>Propri\u00e9t\u00e9 intellectuelle<\/h3>\n<p>[\/et_pb_text][et_pb_text _builder_version=\u00a0\u00bb4.27.4&Prime; _module_preset=\u00a0\u00bbdefault\u00a0\u00bb global_colors_info=\u00a0\u00bb{}\u00a0\u00bb]<\/p>\n<p>Le pr\u00e9sent site web, y compris \u2014 \u00e0 titre indicatif mais non limitatif \u2014 sa programmation, son \u00e9dition, sa compilation, ses designs, logos, textes et\/ou \u00e9l\u00e9ments graphiques, sont la propri\u00e9t\u00e9 d\u2019EHKOlektiboa Elkartea, sauf indication contraire, et sont prot\u00e9g\u00e9s par la r\u00e9glementation sur la propri\u00e9t\u00e9 intellectuelle.\u2028L\u2019acc\u00e8s de l\u2019utilisateur au site ne lui conf\u00e8re aucun droit de propri\u00e9t\u00e9 sur ces \u00e9l\u00e9ments. <\/p>\n<p>L\u2019utilisateur est autoris\u00e9 \u00e0 visualiser, imprimer, copier ou enregistrer tout \u00e9l\u00e9ment du site, \u00e0 condition que ce soit \u00e0 des fins personnelles ou de recherche, et sous r\u00e9serve de citer la source.\u2028Il est interdit d\u2019utiliser le contenu du site \u00e0 des fins commerciales, de le vendre ou de le distribuer sans l\u2019autorisation d\u2019EHKOlektiboa Elkartea ou, le cas \u00e9ch\u00e9ant, des titulaires l\u00e9gitimes des droits.\u2028Tout usage non autoris\u00e9 pr\u00e9alablement sera consid\u00e9r\u00e9 comme une violation grave des droits de propri\u00e9t\u00e9 intellectuelle de l\u2019auteur.  <\/p>\n<p>Les designs, logos, textes et\/ou \u00e9l\u00e9ments graphiques appartenant \u00e0 des tiers et pouvant appara\u00eetre sur le site rel\u00e8vent de la propri\u00e9t\u00e9 de leurs d\u00e9tenteurs respectifs, lesquels sont seuls responsables de toute contestation pouvant d\u00e9couler de leur utilisation.<\/p>\n<p>Pour toute remarque concernant une \u00e9ventuelle violation des droits de propri\u00e9t\u00e9 intellectuelle, ou \u00e0 propos de tout contenu du site, il est possible de nous contacter \u00e0 l\u2019adresse suivante : info@ehkolektiboa.eus<\/p>\n<p>[\/et_pb_text][\/et_pb_column][\/et_pb_row][et_pb_row _builder_version=\u00a0\u00bb4.16&Prime; _module_preset=\u00a0\u00bbdefault\u00a0\u00bb global_colors_info=\u00a0\u00bb{}\u00a0\u00bb][et_pb_column type=\u00a0\u00bb4_4&Prime; _builder_version=\u00a0\u00bb4.16&Prime; _module_preset=\u00a0\u00bbdefault\u00a0\u00bb global_colors_info=\u00a0\u00bb{}\u00a0\u00bb][et_pb_text module_class=\u00a0\u00bbgt-heading\u00a0\u00bb _builder_version=\u00a0\u00bb4.27.4&Prime; _module_preset=\u00a0\u00bbdefault\u00a0\u00bb global_colors_info=\u00a0\u00bb{}\u00a0\u00bb]<\/p>\n<h3>Loi applicable et juridiction<\/h3>\n<p>[\/et_pb_text][et_pb_text _builder_version=\u00a0\u00bb4.27.4&Prime; _module_preset=\u00a0\u00bbdefault\u00a0\u00bb global_colors_info=\u00a0\u00bb{}\u00a0\u00bb]<\/p>\n<p>Pour la r\u00e9solution de toute question ou controverse li\u00e9e \u00e0 ce site web ou aux activit\u00e9s qui y sont d\u00e9velopp\u00e9es, la l\u00e9gislation espagnole sera applicable. En cas de litige, les parties devront s\u2019adresser aux tribunaux de Saint-S\u00e9bastien (Donostia).<\/p>\n<p>Si l\u2019une des clauses du pr\u00e9sent document venait \u00e0 \u00eatre d\u00e9clar\u00e9e nulle, les autres demeureront en vigueur et seront interpr\u00e9t\u00e9es en tenant compte de la volont\u00e9 des parties et de la finalit\u00e9 du document. Le fait qu\u2019EHKOlektiboa Elkartea n\u2019exerce pas l\u2019un des droits ou facult\u00e9s pr\u00e9vus dans le pr\u00e9sent document ne constitue en aucun cas une renonciation \u00e0 ceux-ci, sauf reconnaissance expresse de sa part. <\/p>\n<p>[\/et_pb_text][\/et_pb_column][\/et_pb_row][\/et_pb_section]<\/p>\n","protected":false},"excerpt":{"rendered":"<p>Mentions l\u00e9galesHelburuaL\u2019acc\u00e8s au site implique l\u2019acceptation sans r\u00e9serve des pr\u00e9sentes conditions g\u00e9n\u00e9rales d\u2019utilisation, que l\u2019utilisateur d\u00e9clare comprendre dans leur int\u00e9gralit\u00e9.\u2028L\u2019utilisateur s\u2019engage \u00e0 ne pas utiliser le site web ni les services propos\u00e9s pour des activit\u00e9s contraires \u00e0 la loi, et \u00e0 respecter \u00e0 tout moment les pr\u00e9sentes conditions g\u00e9n\u00e9rales.EHKOlektiboa Elkartea se r\u00e9serve le droit d\u2019interrompre [&hellip;]<\/p>\n","protected":false},"author":2,"featured_media":0,"parent":0,"menu_order":0,"comment_status":"closed","ping_status":"closed","template":"","meta":{"_acf_changed":false,"_et_pb_use_builder":"on","_et_pb_old_content":"","_et_gb_content_width":"","footnotes":""},"class_list":["post-244361","page","type-page","status-publish","hentry"],"acf":[],"yoast_head":"<!-- This site is optimized with the Yoast SEO plugin v26.3 - https:\/\/yoast.com\/wordpress\/plugins\/seo\/ -->\n<title>Mentions l\u00e9gales | EHKOLEKTIBOA<\/title>\n<meta name=\"description\" content=\"L\u2019acc\u00e8s au site implique l\u2019acceptation sans r\u00e9serve des pr\u00e9sentes conditions g\u00e9n\u00e9rales d\u2019utilisation, que l\u2019utilisateur d\u00e9clare comprendre dans leur int\u00e9gralit\u00e9.\" \/>\n<meta name=\"robots\" content=\"index, follow, max-snippet:-1, max-image-preview:large, max-video-preview:-1\" \/>\n<link rel=\"canonical\" href=\"https:\/\/ehkolektiboa.eus\/fr\/mentions-legales\/\" \/>\n<meta property=\"og:locale\" content=\"fr_FR\" \/>\n<meta property=\"og:type\" content=\"article\" \/>\n<meta property=\"og:title\" content=\"Mentions l\u00e9gales | EHKOLEKTIBOA\" \/>\n<meta property=\"og:description\" content=\"L\u2019acc\u00e8s au site implique l\u2019acceptation sans r\u00e9serve des pr\u00e9sentes conditions g\u00e9n\u00e9rales d\u2019utilisation, que l\u2019utilisateur d\u00e9clare comprendre dans leur int\u00e9gralit\u00e9.\" \/>\n<meta property=\"og:url\" content=\"https:\/\/ehkolektiboa.eus\/fr\/mentions-legales\/\" \/>\n<meta property=\"og:site_name\" content=\"EHKOLEKTIBOA\" \/>\n<meta property=\"article:modified_time\" content=\"2025-11-17T16:57:52+00:00\" \/>\n<meta name=\"twitter:card\" content=\"summary_large_image\" \/>\n<meta name=\"twitter:label1\" content=\"Dur\u00e9e de lecture estim\u00e9e\" \/>\n\t<meta name=\"twitter:data1\" content=\"8 minutes\" \/>\n<script type=\"application\/ld+json\" class=\"yoast-schema-graph\">{\"@context\":\"https:\/\/schema.org\",\"@graph\":[{\"@type\":\"WebPage\",\"@id\":\"https:\/\/ehkolektiboa.eus\/fr\/mentions-legales\/\",\"url\":\"https:\/\/ehkolektiboa.eus\/fr\/mentions-legales\/\",\"name\":\"Mentions l\u00e9gales | EHKOLEKTIBOA\",\"isPartOf\":{\"@id\":\"https:\/\/ehkolektiboa.eus\/#website\"},\"datePublished\":\"2025-10-28T08:58:23+00:00\",\"dateModified\":\"2025-11-17T16:57:52+00:00\",\"description\":\"L\u2019acc\u00e8s au site implique l\u2019acceptation sans r\u00e9serve des pr\u00e9sentes conditions g\u00e9n\u00e9rales d\u2019utilisation, que l\u2019utilisateur d\u00e9clare comprendre dans leur int\u00e9gralit\u00e9.\",\"breadcrumb\":{\"@id\":\"https:\/\/ehkolektiboa.eus\/fr\/mentions-legales\/#breadcrumb\"},\"inLanguage\":\"fr-FR\",\"potentialAction\":[{\"@type\":\"ReadAction\",\"target\":[\"https:\/\/ehkolektiboa.eus\/fr\/mentions-legales\/\"]}]},{\"@type\":\"BreadcrumbList\",\"@id\":\"https:\/\/ehkolektiboa.eus\/fr\/mentions-legales\/#breadcrumb\",\"itemListElement\":[{\"@type\":\"ListItem\",\"position\":1,\"name\":\"Home\",\"item\":\"https:\/\/ehkolektiboa.eus\/fr\/\"},{\"@type\":\"ListItem\",\"position\":2,\"name\":\"Mentions l\u00e9gales\"}]},{\"@type\":\"WebSite\",\"@id\":\"https:\/\/ehkolektiboa.eus\/#website\",\"url\":\"https:\/\/ehkolektiboa.eus\/\",\"name\":\"EHKOLEKTIBOA\",\"description\":\"Agroekologiaren bidean\",\"publisher\":{\"@id\":\"https:\/\/ehkolektiboa.eus\/#organization\"},\"potentialAction\":[{\"@type\":\"SearchAction\",\"target\":{\"@type\":\"EntryPoint\",\"urlTemplate\":\"https:\/\/ehkolektiboa.eus\/?s={search_term_string}\"},\"query-input\":{\"@type\":\"PropertyValueSpecification\",\"valueRequired\":true,\"valueName\":\"search_term_string\"}}],\"inLanguage\":\"fr-FR\"},{\"@type\":\"Organization\",\"@id\":\"https:\/\/ehkolektiboa.eus\/#organization\",\"name\":\"EHKOLEKTIBOA\",\"url\":\"https:\/\/ehkolektiboa.eus\/\",\"logo\":{\"@type\":\"ImageObject\",\"inLanguage\":\"fr-FR\",\"@id\":\"https:\/\/ehkolektiboa.eus\/#\/schema\/logo\/image\/\",\"url\":\"https:\/\/ehkolektiboa.eus\/wp-content\/uploads\/2025\/10\/EHKOLEKTIBOA_marka.png\",\"contentUrl\":\"https:\/\/ehkolektiboa.eus\/wp-content\/uploads\/2025\/10\/EHKOLEKTIBOA_marka.png\",\"width\":1433,\"height\":319,\"caption\":\"EHKOLEKTIBOA\"},\"image\":{\"@id\":\"https:\/\/ehkolektiboa.eus\/#\/schema\/logo\/image\/\"}}]}<\/script>\n<!-- \/ Yoast SEO plugin. -->","yoast_head_json":{"title":"Mentions l\u00e9gales | EHKOLEKTIBOA","description":"L\u2019acc\u00e8s au site implique l\u2019acceptation sans r\u00e9serve des pr\u00e9sentes conditions g\u00e9n\u00e9rales d\u2019utilisation, que l\u2019utilisateur d\u00e9clare comprendre dans leur int\u00e9gralit\u00e9.","robots":{"index":"index","follow":"follow","max-snippet":"max-snippet:-1","max-image-preview":"max-image-preview:large","max-video-preview":"max-video-preview:-1"},"canonical":"https:\/\/ehkolektiboa.eus\/fr\/mentions-legales\/","og_locale":"fr_FR","og_type":"article","og_title":"Mentions l\u00e9gales | EHKOLEKTIBOA","og_description":"L\u2019acc\u00e8s au site implique l\u2019acceptation sans r\u00e9serve des pr\u00e9sentes conditions g\u00e9n\u00e9rales d\u2019utilisation, que l\u2019utilisateur d\u00e9clare comprendre dans leur int\u00e9gralit\u00e9.","og_url":"https:\/\/ehkolektiboa.eus\/fr\/mentions-legales\/","og_site_name":"EHKOLEKTIBOA","article_modified_time":"2025-11-17T16:57:52+00:00","twitter_card":"summary_large_image","twitter_misc":{"Dur\u00e9e de lecture estim\u00e9e":"8 minutes"},"schema":{"@context":"https:\/\/schema.org","@graph":[{"@type":"WebPage","@id":"https:\/\/ehkolektiboa.eus\/fr\/mentions-legales\/","url":"https:\/\/ehkolektiboa.eus\/fr\/mentions-legales\/","name":"Mentions l\u00e9gales | EHKOLEKTIBOA","isPartOf":{"@id":"https:\/\/ehkolektiboa.eus\/#website"},"datePublished":"2025-10-28T08:58:23+00:00","dateModified":"2025-11-17T16:57:52+00:00","description":"L\u2019acc\u00e8s au site implique l\u2019acceptation sans r\u00e9serve des pr\u00e9sentes conditions g\u00e9n\u00e9rales d\u2019utilisation, que l\u2019utilisateur d\u00e9clare comprendre dans leur int\u00e9gralit\u00e9.","breadcrumb":{"@id":"https:\/\/ehkolektiboa.eus\/fr\/mentions-legales\/#breadcrumb"},"inLanguage":"fr-FR","potentialAction":[{"@type":"ReadAction","target":["https:\/\/ehkolektiboa.eus\/fr\/mentions-legales\/"]}]},{"@type":"BreadcrumbList","@id":"https:\/\/ehkolektiboa.eus\/fr\/mentions-legales\/#breadcrumb","itemListElement":[{"@type":"ListItem","position":1,"name":"Home","item":"https:\/\/ehkolektiboa.eus\/fr\/"},{"@type":"ListItem","position":2,"name":"Mentions l\u00e9gales"}]},{"@type":"WebSite","@id":"https:\/\/ehkolektiboa.eus\/#website","url":"https:\/\/ehkolektiboa.eus\/","name":"EHKOLEKTIBOA","description":"Agroekologiaren bidean","publisher":{"@id":"https:\/\/ehkolektiboa.eus\/#organization"},"potentialAction":[{"@type":"SearchAction","target":{"@type":"EntryPoint","urlTemplate":"https:\/\/ehkolektiboa.eus\/?s={search_term_string}"},"query-input":{"@type":"PropertyValueSpecification","valueRequired":true,"valueName":"search_term_string"}}],"inLanguage":"fr-FR"},{"@type":"Organization","@id":"https:\/\/ehkolektiboa.eus\/#organization","name":"EHKOLEKTIBOA","url":"https:\/\/ehkolektiboa.eus\/","logo":{"@type":"ImageObject","inLanguage":"fr-FR","@id":"https:\/\/ehkolektiboa.eus\/#\/schema\/logo\/image\/","url":"https:\/\/ehkolektiboa.eus\/wp-content\/uploads\/2025\/10\/EHKOLEKTIBOA_marka.png","contentUrl":"https:\/\/ehkolektiboa.eus\/wp-content\/uploads\/2025\/10\/EHKOLEKTIBOA_marka.png","width":1433,"height":319,"caption":"EHKOLEKTIBOA"},"image":{"@id":"https:\/\/ehkolektiboa.eus\/#\/schema\/logo\/image\/"}}]}},"_links":{"self":[{"href":"https:\/\/ehkolektiboa.eus\/fr\/wp-json\/wp\/v2\/pages\/244361","targetHints":{"allow":["GET"]}}],"collection":[{"href":"https:\/\/ehkolektiboa.eus\/fr\/wp-json\/wp\/v2\/pages"}],"about":[{"href":"https:\/\/ehkolektiboa.eus\/fr\/wp-json\/wp\/v2\/types\/page"}],"author":[{"embeddable":true,"href":"https:\/\/ehkolektiboa.eus\/fr\/wp-json\/wp\/v2\/users\/2"}],"replies":[{"embeddable":true,"href":"https:\/\/ehkolektiboa.eus\/fr\/wp-json\/wp\/v2\/comments?post=244361"}],"version-history":[{"count":2,"href":"https:\/\/ehkolektiboa.eus\/fr\/wp-json\/wp\/v2\/pages\/244361\/revisions"}],"predecessor-version":[{"id":244363,"href":"https:\/\/ehkolektiboa.eus\/fr\/wp-json\/wp\/v2\/pages\/244361\/revisions\/244363"}],"wp:attachment":[{"href":"https:\/\/ehkolektiboa.eus\/fr\/wp-json\/wp\/v2\/media?parent=244361"}],"curies":[{"name":"wp","href":"https:\/\/api.w.org\/{rel}","templated":true}]}}